{"id":1311,"date":"2014-12-23T17:18:43","date_gmt":"2014-12-23T16:18:43","guid":{"rendered":"http:\/\/www.coulissesduchef.com\/site\/?page_id=1311"},"modified":"2026-02-04T08:17:17","modified_gmt":"2026-02-04T07:17:17","slug":"video-recettes","status":"publish","type":"page","link":"https:\/\/www.coulissesduchef.com\/site\/video-recettes\/","title":{"rendered":"VIDEOS RECETTES"},"content":{"rendered":"[et_pb_section fb_built=\u00a0\u00bb1&Prime; admin_label=\u00a0\u00bbsection\u00a0\u00bb _builder_version=\u00a0\u00bb4.16&Prime; global_colors_info=\u00a0\u00bb{}\u00a0\u00bb][et_pb_row _builder_version=\u00a0\u00bb4.27.5&Prime; _module_preset=\u00a0\u00bbdefault\u00a0\u00bb global_colors_info=\u00a0\u00bb{}\u00a0\u00bb][et_pb_column type=\u00a0\u00bb4_4&Prime; _builder_version=\u00a0\u00bb4.27.5&Prime; _module_preset=\u00a0\u00bbdefault\u00a0\u00bb global_colors_info=\u00a0\u00bb{}\u00a0\u00bb][et_pb_text _builder_version=\u00a0\u00bb4.27.5&Prime; _module_preset=\u00a0\u00bbdefault\u00a0\u00bb global_colors_info=\u00a0\u00bb{}\u00a0\u00bb]<p><span style=\"font-size: large;\">Olivier Bert\u00e9 met tout en oeuvre pour vous expliquer ses recettes .<\/span><\/p>\n<p><span style=\"font-size: large;\"><!-- \/wp:post-content --><\/span><\/p>\n<p><span style=\"font-size: large;\"><!-- wp:paragraph --><\/span><\/p>\n<p><span style=\"font-size: large;\">Suivez-le en vid\u00e9o et r\u00e9alisez la recette en m\u00eame temps \u00a0\ud83d\ude42<\/span><\/p>[\/et_pb_text][\/et_pb_column][\/et_pb_row][et_pb_row column_structure=\u00a0\u00bb1_2,1_2&Prime; _builder_version=\u00a0\u00bb4.27.5&Prime; _module_preset=\u00a0\u00bbdefault\u00a0\u00bb hover_enabled=\u00a0\u00bb0&Prime; global_colors_info=\u00a0\u00bb{}\u00a0\u00bb sticky_enabled=\u00a0\u00bb0&Prime;][et_pb_column type=\u00a0\u00bb1_2&Prime; _builder_version=\u00a0\u00bb4.27.5&Prime; _module_preset=\u00a0\u00bbdefault\u00a0\u00bb global_colors_info=\u00a0\u00bb{}\u00a0\u00bb][et_pb_video src_webm=\u00a0\u00bbcoulissesduchef.com\/site\/wp-content\/uploads\/2026\/DSC_5037.mp4&Prime; _builder_version=\u00a0\u00bb4.27.5&Prime; _module_preset=\u00a0\u00bbdefault\u00a0\u00bb hover_enabled=\u00a0\u00bb0&Prime; global_colors_info=\u00a0\u00bb{}\u00a0\u00bb sticky_enabled=\u00a0\u00bb0&Prime; use_icon_font_size=\u00a0\u00bbon\u00a0\u00bb][\/et_pb_video][\/et_pb_column][et_pb_column type=\u00a0\u00bb1_2&Prime; _builder_version=\u00a0\u00bb4.27.5&Prime; _module_preset=\u00a0\u00bbdefault\u00a0\u00bb global_colors_info=\u00a0\u00bb{}\u00a0\u00bb][et_pb_video src=\u00a0\u00bbcoulissesduchef.com\/site\/wp-content\/uploads\/2026\/DSC_5035.mp4&Prime; _builder_version=\u00a0\u00bb4.27.5&Prime; _module_preset=\u00a0\u00bbdefault\u00a0\u00bb global_colors_info=\u00a0\u00bb{}\u00a0\u00bb][\/et_pb_video][\/et_pb_column][\/et_pb_row][et_pb_row column_structure=\u00a0\u00bb1_2,1_2&Prime; _builder_version=\u00a0\u00bb4.27.5&Prime; _module_preset=\u00a0\u00bbdefault\u00a0\u00bb locked=\u00a0\u00bboff\u00a0\u00bb global_colors_info=\u00a0\u00bb{}\u00a0\u00bb][et_pb_column type=\u00a0\u00bb1_2&Prime; _builder_version=\u00a0\u00bb4.27.5&Prime; _module_preset=\u00a0\u00bbdefault\u00a0\u00bb global_colors_info=\u00a0\u00bb{}\u00a0\u00bb][et_pb_video src=\u00a0\u00bbcoulissesduchef.com\/site\/wp-content\/uploads\/2026\/DSC_5007.mp4&Prime; src_webm=\u00a0\u00bbcoulissesduchef.com\/site\/wp-content\/uploads\/2026\/DSC_5037.mp4&Prime; _builder_version=\u00a0\u00bb4.27.5&Prime; _module_preset=\u00a0\u00bbdefault\u00a0\u00bb global_colors_info=\u00a0\u00bb{}\u00a0\u00bb][\/et_pb_video][\/et_pb_column][et_pb_column type=\u00a0\u00bb1_2&Prime; _builder_version=\u00a0\u00bb4.27.5&Prime; _module_preset=\u00a0\u00bbdefault\u00a0\u00bb global_colors_info=\u00a0\u00bb{}\u00a0\u00bb][et_pb_video src=\u00a0\u00bbcoulissesduchef.com\/site\/wp-content\/uploads\/2026\/DSC_5005.mp4&Prime; _builder_version=\u00a0\u00bb4.27.5&Prime; _module_preset=\u00a0\u00bbdefault\u00a0\u00bb global_colors_info=\u00a0\u00bb{}\u00a0\u00bb][\/et_pb_video][\/et_pb_column][\/et_pb_row][et_pb_row admin_label=\u00a0\u00bbrow\u00a0\u00bb _builder_version=\u00a0\u00bb4.16&Prime; background_size=\u00a0\u00bbinitial\u00a0\u00bb background_position=\u00a0\u00bbtop_left\u00a0\u00bb background_repeat=\u00a0\u00bbrepeat\u00a0\u00bb global_colors_info=\u00a0\u00bb{}\u00a0\u00bb][et_pb_column type=\u00a0\u00bb4_4&Prime; _builder_version=\u00a0\u00bb4.16&Prime; custom_padding=\u00a0\u00bb|||\u00a0\u00bb global_colors_info=\u00a0\u00bb{}\u00a0\u00bb custom_padding__hover=\u00a0\u00bb|||\u00a0\u00bb][et_pb_text admin_label=\u00a0\u00bbText\u00a0\u00bb _builder_version=\u00a0\u00bb4.27.5&Prime; background_size=\u00a0\u00bbinitial\u00a0\u00bb background_position=\u00a0\u00bbtop_left\u00a0\u00bb background_repeat=\u00a0\u00bbrepeat\u00a0\u00bb custom_margin=\u00a0\u00bb||-91px|||\u00a0\u00bb global_colors_info=\u00a0\u00bb{}\u00a0\u00bb]<p>&nbsp;<\/p>\n<p><!-- wp:paragraph --><\/p>\n<p><!-- \/wp:paragraph --><\/p>\n<p><!-- wp:embed {\"url\":\"https:\/\/www.coulissesduchef.com\/site\/wp-content\/uploads\/2024\/08\/Recette-pour-les-fetes-noel-ou-nouvel-an-souffle-glace.mp4\",\"type\":\"rich\",\"providerNameSlug\":\"prise-en-charge-des-contenus-embarqu-s\"} --><\/p>\n<figure class=\"wp-block-embed is-type-rich is-provider-prise-en-charge-des-contenus-embarqu-s wp-block-embed-prise-en-charge-des-contenus-embarqu-s\">\n<div class=\"wp-block-embed__wrapper\">\n<div style=\"width: 640px;\" class=\"wp-video\"><video class=\"wp-video-shortcode\" id=\"video-1311-1\" width=\"640\" height=\"360\" preload=\"metadata\" controls=\"controls\"><source type=\"video\/mp4\" src=\"https:\/\/www.coulissesduchef.com\/site\/wp-content\/uploads\/2024\/08\/Recette-pour-les-fetes-noel-ou-nouvel-an-souffle-glace.mp4?_=1\" \/><a href=\"https:\/\/www.coulissesduchef.com\/site\/wp-content\/uploads\/2024\/08\/Recette-pour-les-fetes-noel-ou-nouvel-an-souffle-glace.mp4\">https:\/\/www.coulissesduchef.com\/site\/wp-content\/uploads\/2024\/08\/Recette-pour-les-fetes-noel-ou-nouvel-an-souffle-glace.mp4<\/a><\/video><\/div>\n<\/div>\n<figcaption class=\"wp-element-caption\">Recette du nougat glac\u00e9<\/figcaption>\n<\/figure>\n<p><!-- \/wp:embed --><\/p>\n<p><!-- wp:embed {\"url\":\"https:\/\/www.coulissesduchef.com\/site\/wp-content\/uploads\/2024\/08\/Recette-des-chips-maison.mp4\",\"type\":\"rich\",\"providerNameSlug\":\"prise-en-charge-des-contenus-embarqu-s\"} --><\/p>\n<figure class=\"wp-block-embed is-type-rich is-provider-prise-en-charge-des-contenus-embarqu-s wp-block-embed-prise-en-charge-des-contenus-embarqu-s\">\n<div class=\"wp-block-embed__wrapper\">\n<div style=\"width: 640px;\" class=\"wp-video\"><video class=\"wp-video-shortcode\" id=\"video-1311-2\" width=\"640\" height=\"360\" preload=\"metadata\" controls=\"controls\"><source type=\"video\/mp4\" src=\"https:\/\/www.coulissesduchef.com\/site\/wp-content\/uploads\/2024\/08\/Recette-des-chips-maison.mp4?_=2\" \/><a href=\"https:\/\/www.coulissesduchef.com\/site\/wp-content\/uploads\/2024\/08\/Recette-des-chips-maison.mp4\">https:\/\/www.coulissesduchef.com\/site\/wp-content\/uploads\/2024\/08\/Recette-des-chips-maison.mp4<\/a><\/video><\/div>\n<\/div>\n<figcaption class=\"wp-element-caption\">Recette des chips maison<\/figcaption>\n<\/figure>\n<p><!-- \/wp:embed --><\/p>\n<p><!-- wp:embed {\"url\":\"https:\/\/www.coulissesduchef.com\/site\/wp-content\/uploads\/2024\/08\/Mousseline-de-Saint-Jacques.mp4\",\"type\":\"rich\",\"providerNameSlug\":\"prise-en-charge-des-contenus-embarqu-s\"} --><\/p>\n<figure class=\"wp-block-embed is-type-rich is-provider-prise-en-charge-des-contenus-embarqu-s wp-block-embed-prise-en-charge-des-contenus-embarqu-s\">\n<div class=\"wp-block-embed__wrapper\">\n<div style=\"width: 640px;\" class=\"wp-video\"><video class=\"wp-video-shortcode\" id=\"video-1311-3\" width=\"640\" height=\"360\" preload=\"metadata\" controls=\"controls\"><source type=\"video\/mp4\" src=\"https:\/\/www.coulissesduchef.com\/site\/wp-content\/uploads\/2024\/08\/Mousseline-de-Saint-Jacques.mp4?_=3\" \/><a href=\"https:\/\/www.coulissesduchef.com\/site\/wp-content\/uploads\/2024\/08\/Mousseline-de-Saint-Jacques.mp4\">https:\/\/www.coulissesduchef.com\/site\/wp-content\/uploads\/2024\/08\/Mousseline-de-Saint-Jacques.mp4<\/a><\/video><\/div>\n<\/div>\n<figcaption class=\"wp-element-caption\">Recette de mousseline de Saint Jacques<\/figcaption>\n<\/figure>\n<p><!-- \/wp:embed --><\/p>\n<p><!-- wp:embed {\"url\":\"https:\/\/www.coulissesduchef.com\/site\/wp-content\/uploads\/2024\/08\/Recette-Sabayon-aux-figues-a-la-liqueur-de-litchi-par-Olivier-Berte.mp4\",\"type\":\"rich\",\"providerNameSlug\":\"prise-en-charge-des-contenus-embarqu-s\"} --><\/p>\n<figure class=\"wp-block-embed is-type-rich is-provider-prise-en-charge-des-contenus-embarqu-s wp-block-embed-prise-en-charge-des-contenus-embarqu-s\">\n<div class=\"wp-block-embed__wrapper\">\n<div style=\"width: 640px;\" class=\"wp-video\"><video class=\"wp-video-shortcode\" id=\"video-1311-4\" width=\"640\" height=\"360\" preload=\"metadata\" controls=\"controls\"><source type=\"video\/mp4\" src=\"https:\/\/www.coulissesduchef.com\/site\/wp-content\/uploads\/2024\/08\/Recette-Sabayon-aux-figues-a-la-liqueur-de-litchi-par-Olivier-Berte.mp4?_=4\" \/><a href=\"https:\/\/www.coulissesduchef.com\/site\/wp-content\/uploads\/2024\/08\/Recette-Sabayon-aux-figues-a-la-liqueur-de-litchi-par-Olivier-Berte.mp4\">https:\/\/www.coulissesduchef.com\/site\/wp-content\/uploads\/2024\/08\/Recette-Sabayon-aux-figues-a-la-liqueur-de-litchi-par-Olivier-Berte.mp4<\/a><\/video><\/div>\n<\/div>\n<figcaption class=\"wp-element-caption\"><strong>Recette Sabayon aux figues \u00e0 la liqueur de litchi<\/strong><\/figcaption>\n<\/figure>\n<p><!-- \/wp:embed --><\/p>\n<p><!-- wp:embed {\"url\":\"http:\/\/coulissesduchef.com\/site\/wp-content\/uploads\/2024\/08\/Recette%20Bio%20-%20Terrine%20de%20petits%20pois.mp4\",\"type\":\"rich\",\"providerNameSlug\":\"prise-en-charge-des-contenus-embarqu-s\"} --><\/p>\n<figure class=\"wp-block-embed is-type-rich is-provider-prise-en-charge-des-contenus-embarqu-s wp-block-embed-prise-en-charge-des-contenus-embarqu-s\">\n<div class=\"wp-block-embed__wrapper\">\n<div style=\"width: 640px;\" class=\"wp-video\"><video class=\"wp-video-shortcode\" id=\"video-1311-5\" width=\"640\" height=\"360\" preload=\"metadata\" controls=\"controls\"><source type=\"video\/mp4\" src=\"http:\/\/coulissesduchef.com\/site\/wp-content\/uploads\/2024\/08\/Recette%20Bio%20-%20Terrine%20de%20petits%20pois.mp4?_=5\" \/><a href=\"http:\/\/coulissesduchef.com\/site\/wp-content\/uploads\/2024\/08\/Recette%20Bio%20-%20Terrine%20de%20petits%20pois.mp4\">http:\/\/coulissesduchef.com\/site\/wp-content\/uploads\/2024\/08\/Recette%20Bio%20-%20Terrine%20de%20petits%20pois.mp4<\/a><\/video><\/div>\n<\/div>\n<figcaption class=\"wp-element-caption\">Recette terrine de petits pois<\/figcaption>\n<\/figure>\n<p><!-- \/wp:embed --><\/p>\n<p><!-- wp:embed {\"url\":\"http:\/\/coulissesduchef.com\/site\/wp-content\/uploads\/2024\/08\/Recette%20de%20la%20galette%20des%20rois%20par%20olivier%20Bert%C3%A9.mp4\",\"type\":\"rich\",\"providerNameSlug\":\"prise-en-charge-des-contenus-embarqu-s\"} --><\/p>\n<figure class=\"wp-block-embed is-type-rich is-provider-prise-en-charge-des-contenus-embarqu-s wp-block-embed-prise-en-charge-des-contenus-embarqu-s\"><\/figure>\n<figure class=\"wp-block-embed is-type-rich is-provider-prise-en-charge-des-contenus-embarqu-s wp-block-embed-prise-en-charge-des-contenus-embarqu-s\"><\/figure>\n<p><!-- \/wp:embed --><\/p>\n<p>&nbsp;<\/p>[\/et_pb_text][et_pb_text admin_label=\u00a0\u00bbText\u00a0\u00bb _builder_version=\u00a0\u00bb4.27.5&Prime; background_size=\u00a0\u00bbinitial\u00a0\u00bb background_position=\u00a0\u00bbtop_left\u00a0\u00bb background_repeat=\u00a0\u00bbrepeat\u00a0\u00bb locked=\u00a0\u00bboff\u00a0\u00bb global_colors_info=\u00a0\u00bb{}\u00a0\u00bb]<div style=\"width: 640px;\" class=\"wp-video\"><video class=\"wp-video-shortcode\" id=\"video-1311-6\" width=\"640\" height=\"360\" preload=\"metadata\" controls=\"controls\"><source type=\"video\/mp4\" src=\"http:\/\/coulissesduchef.com\/site\/wp-content\/uploads\/2024\/08\/La%20recette%20de%20la%20terrine%20de%20lapin%20par%20Olivier%20Bert%C3%A9.mp4?_=6\" \/><a href=\"http:\/\/coulissesduchef.com\/site\/wp-content\/uploads\/2024\/08\/La%20recette%20de%20la%20terrine%20de%20lapin%20par%20Olivier%20Bert%C3%A9.mp4\">http:\/\/coulissesduchef.com\/site\/wp-content\/uploads\/2024\/08\/La%20recette%20de%20la%20terrine%20de%20lapin%20par%20Olivier%20Bert%C3%A9.mp4<\/a><\/video><\/div>\n<figure class=\"wp-block-embed is-type-rich is-provider-prise-en-charge-des-contenus-embarqu-s wp-block-embed-prise-en-charge-des-contenus-embarqu-s\">\n<figcaption class=\"wp-element-caption\">Recette de la terrine de lapin<\/figcaption>\n<\/figure>\n<p><!-- \/wp:paragraph --><\/p>\n<p><!-- wp:embed {\"url\":\"http:\/\/coulissesduchef.com\/site\/wp-content\/uploads\/2024\/08\/Recette%20d%27Olivier%20Bert%C3%A9-%20Terrine%20de%20rougets.mp4\",\"type\":\"rich\",\"providerNameSlug\":\"prise-en-charge-des-contenus-embarqu-s\"} --><\/p>\n<figure class=\"wp-block-embed is-type-rich is-provider-prise-en-charge-des-contenus-embarqu-s wp-block-embed-prise-en-charge-des-contenus-embarqu-s\">\n<div class=\"wp-block-embed__wrapper\">\n<div style=\"width: 640px;\" class=\"wp-video\"><video class=\"wp-video-shortcode\" id=\"video-1311-7\" width=\"640\" height=\"360\" preload=\"metadata\" controls=\"controls\"><source type=\"video\/mp4\" src=\"http:\/\/coulissesduchef.com\/site\/wp-content\/uploads\/2024\/08\/Recette%20d%27Olivier%20Bert%C3%A9-%20Terrine%20de%20rougets.mp4?_=7\" \/><a href=\"http:\/\/coulissesduchef.com\/site\/wp-content\/uploads\/2024\/08\/Recette%20d%27Olivier%20Bert%C3%A9-%20Terrine%20de%20rougets.mp4\">http:\/\/coulissesduchef.com\/site\/wp-content\/uploads\/2024\/08\/Recette%20d%27Olivier%20Bert%C3%A9-%20Terrine%20de%20rougets.mp4<\/a><\/video><\/div>\n<\/div>\n<figcaption class=\"wp-element-caption\">Recette de la terrine de rouget<\/figcaption>\n<\/figure>\n<p><!-- \/wp:embed --><\/p>\n<p><!-- wp:embed {\"url\":\"http:\/\/coulissesduchef.com\/site\/wp-content\/uploads\/2024\/08\/Recette%20de%20la%20galette%20des%20rois%20par%20olivier%20Bert%C3%A9.mp4\",\"type\":\"rich\",\"providerNameSlug\":\"prise-en-charge-des-contenus-embarqu-s\"} --><\/p>\n<figure class=\"wp-block-embed is-type-rich is-provider-prise-en-charge-des-contenus-embarqu-s wp-block-embed-prise-en-charge-des-contenus-embarqu-s\">\n<div class=\"wp-block-embed__wrapper\">\n<div style=\"width: 640px;\" class=\"wp-video\"><video class=\"wp-video-shortcode\" id=\"video-1311-8\" width=\"640\" height=\"360\" preload=\"metadata\" controls=\"controls\"><source type=\"video\/mp4\" src=\"http:\/\/coulissesduchef.com\/site\/wp-content\/uploads\/2024\/08\/Recette%20de%20la%20galette%20des%20rois%20par%20olivier%20Bert%C3%A9.mp4?_=8\" \/><a href=\"http:\/\/coulissesduchef.com\/site\/wp-content\/uploads\/2024\/08\/Recette%20de%20la%20galette%20des%20rois%20par%20olivier%20Bert%C3%A9.mp4\">http:\/\/coulissesduchef.com\/site\/wp-content\/uploads\/2024\/08\/Recette%20de%20la%20galette%20des%20rois%20par%20olivier%20Bert%C3%A9.mp4<\/a><\/video><\/div>\n<\/div>\n<figcaption class=\"wp-element-caption\">Recette de la galette des rois<\/figcaption>\n<\/figure>\n<p><!-- \/wp:embed --><\/p>\n<p><!-- wp:embed {\"url\":\"http:\/\/coulissesduchef.com\/site\/wp-content\/uploads\/2024\/08\/Recette%20de%20la%20soupe%20de%20poisson%20par%20Olivier%20Bert%C3%A9.mp4\",\"type\":\"rich\",\"providerNameSlug\":\"prise-en-charge-des-contenus-embarqu-s\"} --><\/p>\n<figure class=\"wp-block-embed is-type-rich is-provider-prise-en-charge-des-contenus-embarqu-s wp-block-embed-prise-en-charge-des-contenus-embarqu-s\">\n<div class=\"wp-block-embed__wrapper\">\n<div style=\"width: 640px;\" class=\"wp-video\"><video class=\"wp-video-shortcode\" id=\"video-1311-9\" width=\"640\" height=\"360\" preload=\"metadata\" controls=\"controls\"><source type=\"video\/mp4\" src=\"http:\/\/coulissesduchef.com\/site\/wp-content\/uploads\/2024\/08\/Recette%20de%20la%20soupe%20de%20poisson%20par%20Olivier%20Bert%C3%A9.mp4?_=9\" \/><a href=\"http:\/\/coulissesduchef.com\/site\/wp-content\/uploads\/2024\/08\/Recette%20de%20la%20soupe%20de%20poisson%20par%20Olivier%20Bert%C3%A9.mp4\">http:\/\/coulissesduchef.com\/site\/wp-content\/uploads\/2024\/08\/Recette%20de%20la%20soupe%20de%20poisson%20par%20Olivier%20Bert%C3%A9.mp4<\/a><\/video><\/div>\n<\/div>\n<figcaption class=\"wp-element-caption\">Recette de soupe de poissons<\/figcaption>\n<\/figure>\n<p><!-- \/wp:embed --><\/p>\n<p><!-- wp:embed {\"url\":\"http:\/\/coulissesduchef.com\/site\/wp-content\/uploads\/2024\/08\/Recette%20-%20Filet%20de%20bar%20et%20farandole%20de%20poivrons%20et%20sauce%20au%20beurre%20citronn%C3%A9e.mp4\",\"type\":\"rich\",\"providerNameSlug\":\"prise-en-charge-des-contenus-embarqu-s\"} --><\/p>\n<figure class=\"wp-block-embed is-type-rich is-provider-prise-en-charge-des-contenus-embarqu-s wp-block-embed-prise-en-charge-des-contenus-embarqu-s\">\n<div class=\"wp-block-embed__wrapper\">\n<div style=\"width: 640px;\" class=\"wp-video\"><video class=\"wp-video-shortcode\" id=\"video-1311-10\" width=\"640\" height=\"360\" preload=\"metadata\" controls=\"controls\"><source type=\"video\/mp4\" src=\"http:\/\/coulissesduchef.com\/site\/wp-content\/uploads\/2024\/08\/Recette%20-%20Filet%20de%20bar%20et%20farandole%20de%20poivrons%20et%20sauce%20au%20beurre%20citronn%C3%A9e.mp4?_=10\" \/><a href=\"http:\/\/coulissesduchef.com\/site\/wp-content\/uploads\/2024\/08\/Recette%20-%20Filet%20de%20bar%20et%20farandole%20de%20poivrons%20et%20sauce%20au%20beurre%20citronn%C3%A9e.mp4\">http:\/\/coulissesduchef.com\/site\/wp-content\/uploads\/2024\/08\/Recette%20-%20Filet%20de%20bar%20et%20farandole%20de%20poivrons%20et%20sauce%20au%20beurre%20citronn%C3%A9e.mp4<\/a><\/video><\/div>\n<\/div>\n<figcaption class=\"wp-element-caption\">Recette de filet de bar<\/figcaption>\n<\/figure>\n<p><!-- \/wp:embed --><\/p>\n<p><!-- wp:embed {\"url\":\"http:\/\/coulissesduchef.com\/site\/wp-content\/uploads\/2024\/08\/Recette%20de%20l%27Osso%20Bucco%20par%20le%20Chef%20Olivier%20Bert%C3%A9.mp4\",\"type\":\"rich\",\"providerNameSlug\":\"prise-en-charge-des-contenus-embarqu-s\"} --><\/p>\n<figure class=\"wp-block-embed is-type-rich is-provider-prise-en-charge-des-contenus-embarqu-s wp-block-embed-prise-en-charge-des-contenus-embarqu-s\">\n<div class=\"wp-block-embed__wrapper\">\n<div style=\"width: 640px;\" class=\"wp-video\"><video class=\"wp-video-shortcode\" id=\"video-1311-11\" width=\"640\" height=\"360\" preload=\"metadata\" controls=\"controls\"><source type=\"video\/mp4\" src=\"http:\/\/coulissesduchef.com\/site\/wp-content\/uploads\/2024\/08\/Recette%20de%20l%27Osso%20Bucco%20par%20le%20Chef%20Olivier%20Bert%C3%A9.mp4?_=11\" \/><a href=\"http:\/\/coulissesduchef.com\/site\/wp-content\/uploads\/2024\/08\/Recette%20de%20l%27Osso%20Bucco%20par%20le%20Chef%20Olivier%20Bert%C3%A9.mp4\">http:\/\/coulissesduchef.com\/site\/wp-content\/uploads\/2024\/08\/Recette%20de%20l%27Osso%20Bucco%20par%20le%20Chef%20Olivier%20Bert%C3%A9.mp4<\/a><\/video><\/div>\n<\/div>\n<figcaption class=\"wp-element-caption\">Recette de l&rsquo;osso bucco<\/figcaption>\n<\/figure>\n<p><!-- \/wp:embed --><\/p>\n<p>&nbsp;<\/p>[\/et_pb_text][\/et_pb_column][\/et_pb_row][\/et_pb_section]","protected":false},"excerpt":{"rendered":"<p>Olivier Bert\u00e9 met tout en oeuvre pour vous expliquer ses recettes . Suivez-le en vid\u00e9o et r\u00e9alisez la recette en m\u00eame temps \u00a0\ud83d\ude42&nbsp; Recette du nougat glac\u00e9 Recette des chips maison Recette de mousseline de Saint Jacques Recette Sabayon aux figues \u00e0 la liqueur de litchi Recette terrine de petits pois &nbsp; Recette de la [&hellip;]<\/p>\n","protected":false},"author":2,"featured_media":0,"parent":0,"menu_order":0,"comment_status":"closed","ping_status":"closed","template":"","meta":{"_et_pb_use_builder":"on","_et_pb_old_content":"<!-- wp:paragraph -->\n<p>Olivier Bert\u00e9 met tout en oeuvre pour vous expliquer ses recettes .<\/p>\n<!-- \/wp:paragraph -->\n\n<!-- wp:paragraph -->\n<p>Suivez-le en vid\u00e9o et r\u00e9alisez la recette en m\u00eame temps &nbsp;:)<\/p>\n<!-- \/wp:paragraph -->\n\n<!-- wp:embed {\"url\":\"http:\/\/www.coulissesduchef.com\/site\/wp-content\/uploads\/2024\/08\/Recette-pour-les-fetes-noel-ou-nouvel-an-souffle-glace.mp4\",\"type\":\"rich\",\"providerNameSlug\":\"prise-en-charge-des-contenus-embarqu-s\"} -->\n<figure class=\"wp-block-embed is-type-rich is-provider-prise-en-charge-des-contenus-embarqu-s wp-block-embed-prise-en-charge-des-contenus-embarqu-s\"><div class=\"wp-block-embed__wrapper\">\nhttp:\/\/www.coulissesduchef.com\/site\/wp-content\/uploads\/2024\/08\/Recette-pour-les-fetes-noel-ou-nouvel-an-souffle-glace.mp4\n<\/div><figcaption class=\"wp-element-caption\">Recette du nougat glac\u00e9<\/figcaption><\/figure>\n<!-- \/wp:embed -->\n\n<!-- wp:embed {\"url\":\"http:\/\/www.coulissesduchef.com\/site\/wp-content\/uploads\/2024\/08\/Recette-des-chips-maison.mp4\",\"type\":\"rich\",\"providerNameSlug\":\"prise-en-charge-des-contenus-embarqu-s\"} -->\n<figure class=\"wp-block-embed is-type-rich is-provider-prise-en-charge-des-contenus-embarqu-s wp-block-embed-prise-en-charge-des-contenus-embarqu-s\"><div class=\"wp-block-embed__wrapper\">\nhttp:\/\/www.coulissesduchef.com\/site\/wp-content\/uploads\/2024\/08\/Recette-des-chips-maison.mp4\n<\/div><figcaption class=\"wp-element-caption\">Recette des chips maison<\/figcaption><\/figure>\n<!-- \/wp:embed -->\n\n<!-- wp:embed {\"url\":\"http:\/\/www.coulissesduchef.com\/site\/wp-content\/uploads\/2024\/08\/Mousseline-de-Saint-Jacques.mp4\",\"type\":\"rich\",\"providerNameSlug\":\"prise-en-charge-des-contenus-embarqu-s\"} -->\n<figure class=\"wp-block-embed is-type-rich is-provider-prise-en-charge-des-contenus-embarqu-s wp-block-embed-prise-en-charge-des-contenus-embarqu-s\"><div class=\"wp-block-embed__wrapper\">\nhttp:\/\/www.coulissesduchef.com\/site\/wp-content\/uploads\/2024\/08\/Mousseline-de-Saint-Jacques.mp4\n<\/div><figcaption class=\"wp-element-caption\">Recette de mousseline de Saint Jacques<\/figcaption><\/figure>\n<!-- \/wp:embed -->\n\n<!-- wp:embed {\"url\":\"http:\/\/www.coulissesduchef.com\/site\/wp-content\/uploads\/2024\/08\/Recette-Sabayon-aux-figues-a-la-liqueur-de-litchi-par-Olivier-Berte.mp4\",\"type\":\"rich\",\"providerNameSlug\":\"prise-en-charge-des-contenus-embarqu-s\"} -->\n<figure class=\"wp-block-embed is-type-rich is-provider-prise-en-charge-des-contenus-embarqu-s wp-block-embed-prise-en-charge-des-contenus-embarqu-s\"><div class=\"wp-block-embed__wrapper\">\nhttp:\/\/www.coulissesduchef.com\/site\/wp-content\/uploads\/2024\/08\/Recette-Sabayon-aux-figues-a-la-liqueur-de-litchi-par-Olivier-Berte.mp4\n<\/div><figcaption class=\"wp-element-caption\"><strong>Recette Sabayon aux figues \u00e0 la liqueur de litchi<\/strong><\/figcaption><\/figure>\n<!-- \/wp:embed -->\n\n<!-- wp:embed {\"url\":\"http:\/\/coulissesduchef.com\/site\/wp-content\/uploads\/2024\/08\/Recette%20Bio%20-%20Terrine%20de%20petits%20pois.mp4\",\"type\":\"rich\",\"providerNameSlug\":\"prise-en-charge-des-contenus-embarqu-s\"} -->\n<figure class=\"wp-block-embed is-type-rich is-provider-prise-en-charge-des-contenus-embarqu-s wp-block-embed-prise-en-charge-des-contenus-embarqu-s\"><div class=\"wp-block-embed__wrapper\">\nhttp:\/\/coulissesduchef.com\/site\/wp-content\/uploads\/2024\/08\/Recette%20Bio%20-%20Terrine%20de%20petits%20pois.mp4\n<\/div><figcaption class=\"wp-element-caption\">Recette terrine de petits pois<\/figcaption><\/figure>\n<!-- \/wp:embed -->\n\n<!-- wp:embed {\"url\":\"http:\/\/coulissesduchef.com\/site\/wp-content\/uploads\/2024\/08\/La%20recette%20de%20la%20terrine%20de%20lapin%20par%20Olivier%20Bert%C3%A9.mp4\",\"type\":\"rich\",\"providerNameSlug\":\"prise-en-charge-des-contenus-embarqu-s\"} -->\n<figure class=\"wp-block-embed is-type-rich is-provider-prise-en-charge-des-contenus-embarqu-s wp-block-embed-prise-en-charge-des-contenus-embarqu-s\"><div class=\"wp-block-embed__wrapper\">\nhttp:\/\/coulissesduchef.com\/site\/wp-content\/uploads\/2024\/08\/La%20recette%20de%20la%20terrine%20de%20lapin%20par%20Olivier%20Bert%C3%A9.mp4\n<\/div><figcaption class=\"wp-element-caption\">Recette de la terrine de lapin<\/figcaption><\/figure>\n<!-- \/wp:embed -->\n\n<!-- wp:embed {\"url\":\"http:\/\/coulissesduchef.com\/site\/wp-content\/uploads\/2024\/08\/Recette%20d%27Olivier%20Bert%C3%A9-%20Terrine%20de%20rougets.mp4\",\"type\":\"rich\",\"providerNameSlug\":\"prise-en-charge-des-contenus-embarqu-s\"} -->\n<figure class=\"wp-block-embed is-type-rich is-provider-prise-en-charge-des-contenus-embarqu-s wp-block-embed-prise-en-charge-des-contenus-embarqu-s\"><div class=\"wp-block-embed__wrapper\">\nhttp:\/\/coulissesduchef.com\/site\/wp-content\/uploads\/2024\/08\/Recette%20d%27Olivier%20Bert%C3%A9-%20Terrine%20de%20rougets.mp4\n<\/div><figcaption class=\"wp-element-caption\">Recette de la terrine de rouget<\/figcaption><\/figure>\n<!-- \/wp:embed -->\n\n<!-- wp:embed {\"url\":\"http:\/\/coulissesduchef.com\/site\/wp-content\/uploads\/2024\/08\/Recette%20de%20la%20galette%20des%20rois%20par%20olivier%20Bert%C3%A9.mp4\",\"type\":\"rich\",\"providerNameSlug\":\"prise-en-charge-des-contenus-embarqu-s\"} -->\n<figure class=\"wp-block-embed is-type-rich is-provider-prise-en-charge-des-contenus-embarqu-s wp-block-embed-prise-en-charge-des-contenus-embarqu-s\"><div class=\"wp-block-embed__wrapper\">\nhttp:\/\/coulissesduchef.com\/site\/wp-content\/uploads\/2024\/08\/Recette%20de%20la%20galette%20des%20rois%20par%20olivier%20Bert%C3%A9.mp4\n<\/div><figcaption class=\"wp-element-caption\">Recette de la galette des rois<\/figcaption><\/figure>\n<!-- \/wp:embed -->\n\n<!-- wp:embed {\"url\":\"http:\/\/coulissesduchef.com\/site\/wp-content\/uploads\/2024\/08\/Recette%20de%20la%20soupe%20de%20poisson%20par%20Olivier%20Bert%C3%A9.mp4\",\"type\":\"rich\",\"providerNameSlug\":\"prise-en-charge-des-contenus-embarqu-s\"} -->\n<figure class=\"wp-block-embed is-type-rich is-provider-prise-en-charge-des-contenus-embarqu-s wp-block-embed-prise-en-charge-des-contenus-embarqu-s\"><div class=\"wp-block-embed__wrapper\">\nhttp:\/\/coulissesduchef.com\/site\/wp-content\/uploads\/2024\/08\/Recette%20de%20la%20soupe%20de%20poisson%20par%20Olivier%20Bert%C3%A9.mp4\n<\/div><figcaption class=\"wp-element-caption\">Recette de soupe de poissons<\/figcaption><\/figure>\n<!-- \/wp:embed -->\n\n<!-- wp:embed {\"url\":\"http:\/\/coulissesduchef.com\/site\/wp-content\/uploads\/2024\/08\/Recette%20-%20Filet%20de%20bar%20et%20farandole%20de%20poivrons%20et%20sauce%20au%20beurre%20citronn%C3%A9e.mp4\",\"type\":\"rich\",\"providerNameSlug\":\"prise-en-charge-des-contenus-embarqu-s\"} -->\n<figure class=\"wp-block-embed is-type-rich is-provider-prise-en-charge-des-contenus-embarqu-s wp-block-embed-prise-en-charge-des-contenus-embarqu-s\"><div class=\"wp-block-embed__wrapper\">\nhttp:\/\/coulissesduchef.com\/site\/wp-content\/uploads\/2024\/08\/Recette%20-%20Filet%20de%20bar%20et%20farandole%20de%20poivrons%20et%20sauce%20au%20beurre%20citronn%C3%A9e.mp4\n<\/div><figcaption class=\"wp-element-caption\">Recette de filet de bar<\/figcaption><\/figure>\n<!-- \/wp:embed -->\n\n<!-- wp:embed {\"url\":\"http:\/\/coulissesduchef.com\/site\/wp-content\/uploads\/2024\/08\/Recette%20de%20l%27Osso%20Bucco%20par%20le%20Chef%20Olivier%20Bert%C3%A9.mp4\",\"type\":\"rich\",\"providerNameSlug\":\"prise-en-charge-des-contenus-embarqu-s\"} -->\n<figure class=\"wp-block-embed is-type-rich is-provider-prise-en-charge-des-contenus-embarqu-s wp-block-embed-prise-en-charge-des-contenus-embarqu-s\"><div class=\"wp-block-embed__wrapper\">\nhttp:\/\/coulissesduchef.com\/site\/wp-content\/uploads\/2024\/08\/Recette%20de%20l%27Osso%20Bucco%20par%20le%20Chef%20Olivier%20Bert%C3%A9.mp4\n<\/div><figcaption class=\"wp-element-caption\">Recette de l'osso bucco<\/figcaption><\/figure>\n<!-- \/wp:embed -->","_et_gb_content_width":"","footnotes":""},"class_list":["post-1311","page","type-page","status-publish","hentry"],"yoast_head":"<!-- This site is optimized with the Yoast SEO plugin v27.5 - https:\/\/yoast.com\/product\/yoast-seo-wordpress\/ -->\n<title>VIDEOS RECETTES - Cours de cuisine \u00e0 Paris<\/title>\n<meta name=\"robots\" content=\"index, follow, max-snippet:-1, max-image-preview:large, max-video-preview:-1\" \/>\n<link rel=\"canonical\" href=\"https:\/\/www.coulissesduchef.com\/site\/video-recettes\/\" \/>\n<meta property=\"og:locale\" content=\"fr_FR\" \/>\n<meta property=\"og:type\" content=\"article\" \/>\n<meta property=\"og:title\" content=\"VIDEOS RECETTES - Cours de cuisine \u00e0 Paris\" \/>\n<meta property=\"og:description\" content=\"Olivier Bert\u00e9 met tout en oeuvre pour vous expliquer ses recettes . Suivez-le en vid\u00e9o et r\u00e9alisez la recette en m\u00eame temps \u00a0:)&nbsp; Recette du nougat glac\u00e9 Recette des chips maison Recette de mousseline de Saint Jacques Recette Sabayon aux figues \u00e0 la liqueur de litchi Recette terrine de petits pois &nbsp; Recette de la [&hellip;]\" \/>\n<meta property=\"og:url\" content=\"https:\/\/www.coulissesduchef.com\/site\/video-recettes\/\" \/>\n<meta property=\"og:site_name\" content=\"Cours de cuisine \u00e0 Paris\" \/>\n<meta property=\"article:modified_time\" content=\"2026-02-04T07:17:17+00:00\" \/>\n<meta name=\"twitter:card\" content=\"summary_large_image\" \/>\n<meta name=\"twitter:label1\" content=\"Dur\u00e9e de lecture estim\u00e9e\" \/>\n\t<meta name=\"twitter:data1\" content=\"1 minute\" \/>\n<script type=\"application\/ld+json\" class=\"yoast-schema-graph\">{\"@context\":\"https:\\\/\\\/schema.org\",\"@graph\":[{\"@type\":\"WebPage\",\"@id\":\"https:\\\/\\\/www.coulissesduchef.com\\\/site\\\/video-recettes\\\/\",\"url\":\"https:\\\/\\\/www.coulissesduchef.com\\\/site\\\/video-recettes\\\/\",\"name\":\"VIDEOS RECETTES - Cours de cuisine \u00e0 Paris\",\"isPartOf\":{\"@id\":\"https:\\\/\\\/www.coulissesduchef.com\\\/site\\\/#website\"},\"datePublished\":\"2014-12-23T16:18:43+00:00\",\"dateModified\":\"2026-02-04T07:17:17+00:00\",\"breadcrumb\":{\"@id\":\"https:\\\/\\\/www.coulissesduchef.com\\\/site\\\/video-recettes\\\/#breadcrumb\"},\"inLanguage\":\"fr-FR\",\"potentialAction\":[{\"@type\":\"ReadAction\",\"target\":[\"https:\\\/\\\/www.coulissesduchef.com\\\/site\\\/video-recettes\\\/\"]}]},{\"@type\":\"BreadcrumbList\",\"@id\":\"https:\\\/\\\/www.coulissesduchef.com\\\/site\\\/video-recettes\\\/#breadcrumb\",\"itemListElement\":[{\"@type\":\"ListItem\",\"position\":1,\"name\":\"Accueil\",\"item\":\"https:\\\/\\\/www.coulissesduchef.com\\\/site\\\/\"},{\"@type\":\"ListItem\",\"position\":2,\"name\":\"VIDEOS RECETTES\"}]},{\"@type\":\"WebSite\",\"@id\":\"https:\\\/\\\/www.coulissesduchef.com\\\/site\\\/#website\",\"url\":\"https:\\\/\\\/www.coulissesduchef.com\\\/site\\\/\",\"name\":\"Cours de cuisine \u00e0 Paris\",\"description\":\"Atelier &amp; Cours de cuisine d&#039;Olivier Bert\u00e9 Paris\",\"potentialAction\":[{\"@type\":\"SearchAction\",\"target\":{\"@type\":\"EntryPoint\",\"urlTemplate\":\"https:\\\/\\\/www.coulissesduchef.com\\\/site\\\/?s={search_term_string}\"},\"query-input\":{\"@type\":\"PropertyValueSpecification\",\"valueRequired\":true,\"valueName\":\"search_term_string\"}}],\"inLanguage\":\"fr-FR\"}]}<\/script>\n<!-- \/ Yoast SEO plugin. -->","yoast_head_json":{"title":"VIDEOS RECETTES - Cours de cuisine \u00e0 Paris","robots":{"index":"index","follow":"follow","max-snippet":"max-snippet:-1","max-image-preview":"max-image-preview:large","max-video-preview":"max-video-preview:-1"},"canonical":"https:\/\/www.coulissesduchef.com\/site\/video-recettes\/","og_locale":"fr_FR","og_type":"article","og_title":"VIDEOS RECETTES - Cours de cuisine \u00e0 Paris","og_description":"Olivier Bert\u00e9 met tout en oeuvre pour vous expliquer ses recettes . Suivez-le en vid\u00e9o et r\u00e9alisez la recette en m\u00eame temps \u00a0:)&nbsp; Recette du nougat glac\u00e9 Recette des chips maison Recette de mousseline de Saint Jacques Recette Sabayon aux figues \u00e0 la liqueur de litchi Recette terrine de petits pois &nbsp; Recette de la [&hellip;]","og_url":"https:\/\/www.coulissesduchef.com\/site\/video-recettes\/","og_site_name":"Cours de cuisine \u00e0 Paris","article_modified_time":"2026-02-04T07:17:17+00:00","twitter_card":"summary_large_image","twitter_misc":{"Dur\u00e9e de lecture estim\u00e9e":"1 minute"},"schema":{"@context":"https:\/\/schema.org","@graph":[{"@type":"WebPage","@id":"https:\/\/www.coulissesduchef.com\/site\/video-recettes\/","url":"https:\/\/www.coulissesduchef.com\/site\/video-recettes\/","name":"VIDEOS RECETTES - Cours de cuisine \u00e0 Paris","isPartOf":{"@id":"https:\/\/www.coulissesduchef.com\/site\/#website"},"datePublished":"2014-12-23T16:18:43+00:00","dateModified":"2026-02-04T07:17:17+00:00","breadcrumb":{"@id":"https:\/\/www.coulissesduchef.com\/site\/video-recettes\/#breadcrumb"},"inLanguage":"fr-FR","potentialAction":[{"@type":"ReadAction","target":["https:\/\/www.coulissesduchef.com\/site\/video-recettes\/"]}]},{"@type":"BreadcrumbList","@id":"https:\/\/www.coulissesduchef.com\/site\/video-recettes\/#breadcrumb","itemListElement":[{"@type":"ListItem","position":1,"name":"Accueil","item":"https:\/\/www.coulissesduchef.com\/site\/"},{"@type":"ListItem","position":2,"name":"VIDEOS RECETTES"}]},{"@type":"WebSite","@id":"https:\/\/www.coulissesduchef.com\/site\/#website","url":"https:\/\/www.coulissesduchef.com\/site\/","name":"Cours de cuisine \u00e0 Paris","description":"Atelier &amp; Cours de cuisine d&#039;Olivier Bert\u00e9 Paris","potentialAction":[{"@type":"SearchAction","target":{"@type":"EntryPoint","urlTemplate":"https:\/\/www.coulissesduchef.com\/site\/?s={search_term_string}"},"query-input":{"@type":"PropertyValueSpecification","valueRequired":true,"valueName":"search_term_string"}}],"inLanguage":"fr-FR"}]}},"_links":{"self":[{"href":"https:\/\/www.coulissesduchef.com\/site\/wp-json\/wp\/v2\/pages\/1311","targetHints":{"allow":["GET"]}}],"collection":[{"href":"https:\/\/www.coulissesduchef.com\/site\/wp-json\/wp\/v2\/pages"}],"about":[{"href":"https:\/\/www.coulissesduchef.com\/site\/wp-json\/wp\/v2\/types\/page"}],"author":[{"embeddable":true,"href":"https:\/\/www.coulissesduchef.com\/site\/wp-json\/wp\/v2\/users\/2"}],"replies":[{"embeddable":true,"href":"https:\/\/www.coulissesduchef.com\/site\/wp-json\/wp\/v2\/comments?post=1311"}],"version-history":[{"count":0,"href":"https:\/\/www.coulissesduchef.com\/site\/wp-json\/wp\/v2\/pages\/1311\/revisions"}],"wp:attachment":[{"href":"https:\/\/www.coulissesduchef.com\/site\/wp-json\/wp\/v2\/media?parent=1311"}],"curies":[{"name":"wp","href":"https:\/\/api.w.org\/{rel}","templated":true}]}}