{"id":1187,"date":"2014-09-29T14:20:48","date_gmt":"2014-09-29T13:20:48","guid":{"rendered":"http:\/\/www.coulissesduchef.com\/site\/?page_id=1187"},"modified":"2024-08-19T16:04:39","modified_gmt":"2024-08-19T15:04:39","slug":"photos-lunch-box","status":"publish","type":"page","link":"https:\/\/www.coulissesduchef.com\/site\/photos-lunch-box\/","title":{"rendered":"PHOTOS LUNCH BOX"},"content":{"rendered":"<p>[et_pb_section fb_built=\u00a0\u00bb1&Prime; admin_label=\u00a0\u00bbsection\u00a0\u00bb _builder_version=\u00a0\u00bb4.16&Prime; global_colors_info=\u00a0\u00bb{}\u00a0\u00bb][et_pb_row admin_label=\u00a0\u00bbrow\u00a0\u00bb _builder_version=\u00a0\u00bb4.16&Prime; background_size=\u00a0\u00bbinitial\u00a0\u00bb background_position=\u00a0\u00bbtop_left\u00a0\u00bb background_repeat=\u00a0\u00bbrepeat\u00a0\u00bb global_colors_info=\u00a0\u00bb{}\u00a0\u00bb][et_pb_column type=\u00a0\u00bb4_4&Prime; _builder_version=\u00a0\u00bb4.16&Prime; custom_padding=\u00a0\u00bb|||\u00a0\u00bb global_colors_info=\u00a0\u00bb{}\u00a0\u00bb custom_padding__hover=\u00a0\u00bb|||\u00a0\u00bb][et_pb_text admin_label=\u00a0\u00bbText\u00a0\u00bb _builder_version=\u00a0\u00bb4.16&Prime; background_size=\u00a0\u00bbinitial\u00a0\u00bb background_position=\u00a0\u00bbtop_left\u00a0\u00bb background_repeat=\u00a0\u00bbrepeat\u00a0\u00bb global_colors_info=\u00a0\u00bb{}\u00a0\u00bb custom_padding=\u00a0\u00bb|0px||||\u00a0\u00bb]<\/p>\n<p>&nbsp;<\/p>\n<p>LUNCH BOX: 1H TOP CHRONO<\/p>\n<p>\u00a0Salade de Tomates et Artichauts au citron confit \/ Risotto aux asperges vertes \/ Soupe de poires au vin et aux \u00e9pices.<\/p>\n<p><a href=\"https:\/\/www.coulissesduchef.com\/site\/wp-content\/uploads\/2014\/09\/Box-vide-500x333.jpg\"><img loading=\"lazy\" decoding=\"async\" class=\"alignnone size-thumbnail wp-image-1191\" alt=\"Lunch Box -Olivier Bert\u00e9\" src=\"https:\/\/www.coulissesduchef.com\/site\/wp-content\/uploads\/2014\/09\/Box-vide-500x333-150x150.jpg\" width=\"150\" height=\"150\" srcset=\"https:\/\/www.coulissesduchef.com\/site\/wp-content\/uploads\/2014\/09\/Box-vide-500x333-150x150.jpg 150w, https:\/\/www.coulissesduchef.com\/site\/wp-content\/uploads\/2014\/09\/Box-vide-500x333-300x300.jpg 300w, https:\/\/www.coulissesduchef.com\/site\/wp-content\/uploads\/2014\/09\/Box-vide-500x333-100x100.jpg 100w\" sizes=\"(max-width: 150px) 100vw, 150px\" \/><\/a>\u00a0<a href=\"https:\/\/www.coulissesduchef.com\/site\/wp-content\/uploads\/2014\/09\/043-500x333.jpg\"><img loading=\"lazy\" decoding=\"async\" class=\"alignnone size-thumbnail wp-image-1192\" alt=\"1er menu Lunch Box\" src=\"https:\/\/www.coulissesduchef.com\/site\/wp-content\/uploads\/2014\/09\/043-500x333-150x150.jpg\" width=\"150\" height=\"150\" srcset=\"https:\/\/www.coulissesduchef.com\/site\/wp-content\/uploads\/2014\/09\/043-500x333-150x150.jpg 150w, https:\/\/www.coulissesduchef.com\/site\/wp-content\/uploads\/2014\/09\/043-500x333-300x300.jpg 300w, https:\/\/www.coulissesduchef.com\/site\/wp-content\/uploads\/2014\/09\/043-500x333-100x100.jpg 100w\" sizes=\"(max-width: 150px) 100vw, 150px\" \/><\/a>\u00a0<a href=\"https:\/\/www.coulissesduchef.com\/site\/wp-content\/uploads\/2014\/09\/029-500x333.jpg\"><img loading=\"lazy\" decoding=\"async\" class=\"alignnone size-thumbnail wp-image-1194\" alt=\"029 (500x333)\" src=\"https:\/\/www.coulissesduchef.com\/site\/wp-content\/uploads\/2014\/09\/029-500x333-150x150.jpg\" width=\"150\" height=\"150\" srcset=\"https:\/\/www.coulissesduchef.com\/site\/wp-content\/uploads\/2014\/09\/029-500x333-150x150.jpg 150w, https:\/\/www.coulissesduchef.com\/site\/wp-content\/uploads\/2014\/09\/029-500x333-300x300.jpg 300w, https:\/\/www.coulissesduchef.com\/site\/wp-content\/uploads\/2014\/09\/029-500x333-100x100.jpg 100w\" sizes=\"(max-width: 150px) 100vw, 150px\" \/><\/a><\/p>\n<p><a href=\"https:\/\/www.coulissesduchef.com\/site\/wp-content\/uploads\/2014\/09\/Asperges-vertes-333x500.jpg\"><img loading=\"lazy\" decoding=\"async\" class=\"alignnone size-thumbnail wp-image-1195\" alt=\"Asperges vertes- Lunch Box\" src=\"https:\/\/www.coulissesduchef.com\/site\/wp-content\/uploads\/2014\/09\/Asperges-vertes-333x500-150x150.jpg\" width=\"150\" height=\"150\" srcset=\"https:\/\/www.coulissesduchef.com\/site\/wp-content\/uploads\/2014\/09\/Asperges-vertes-333x500-150x150.jpg 150w, https:\/\/www.coulissesduchef.com\/site\/wp-content\/uploads\/2014\/09\/Asperges-vertes-333x500-300x300.jpg 300w, https:\/\/www.coulissesduchef.com\/site\/wp-content\/uploads\/2014\/09\/Asperges-vertes-333x500-100x100.jpg 100w\" sizes=\"(max-width: 150px) 100vw, 150px\" \/><\/a>\u00a0<a href=\"https:\/\/www.coulissesduchef.com\/site\/wp-content\/uploads\/2014\/09\/Citron-de-confit-333x500.jpg\"><img loading=\"lazy\" decoding=\"async\" class=\"alignnone size-thumbnail wp-image-1206\" alt=\"Citron de confit \" src=\"https:\/\/www.coulissesduchef.com\/site\/wp-content\/uploads\/2014\/09\/Citron-de-confit-333x500-150x150.jpg\" width=\"150\" height=\"150\" srcset=\"https:\/\/www.coulissesduchef.com\/site\/wp-content\/uploads\/2014\/09\/Citron-de-confit-333x500-150x150.jpg 150w, https:\/\/www.coulissesduchef.com\/site\/wp-content\/uploads\/2014\/09\/Citron-de-confit-333x500-300x300.jpg 300w, https:\/\/www.coulissesduchef.com\/site\/wp-content\/uploads\/2014\/09\/Citron-de-confit-333x500-100x100.jpg 100w\" sizes=\"(max-width: 150px) 100vw, 150px\" \/><\/a> \u00a0<a href=\"https:\/\/www.coulissesduchef.com\/site\/wp-content\/uploads\/2014\/09\/Soupe-de-poires-au-vin-500x333.jpg\"><img loading=\"lazy\" decoding=\"async\" class=\"alignnone size-thumbnail wp-image-1196\" alt=\"Soupe de poires au vin- Lunch Box\" src=\"https:\/\/www.coulissesduchef.com\/site\/wp-content\/uploads\/2014\/09\/Soupe-de-poires-au-vin-500x333-150x150.jpg\" width=\"150\" height=\"150\" srcset=\"https:\/\/www.coulissesduchef.com\/site\/wp-content\/uploads\/2014\/09\/Soupe-de-poires-au-vin-500x333-150x150.jpg 150w, https:\/\/www.coulissesduchef.com\/site\/wp-content\/uploads\/2014\/09\/Soupe-de-poires-au-vin-500x333-300x300.jpg 300w, https:\/\/www.coulissesduchef.com\/site\/wp-content\/uploads\/2014\/09\/Soupe-de-poires-au-vin-500x333-100x100.jpg 100w\" sizes=\"(max-width: 150px) 100vw, 150px\" \/><\/a><\/p>\n<p>Les avantages di\u00e9t\u00e9tiques de ce menu sont les suivants :<\/p>\n<ul>\n<li>Tomates: puissant Anti-oxydant et Anti-vieillissement<\/li>\n<li>Artichauts: Riche en vitamines du groupe B, C et K, Favorise la digestion, Anti-canc\u00e9rig\u00e8ne et Riche en oligo\u00e9l\u00e9ments<\/li>\n<li>Citron: Riche en vitamine C, Protection du foie, reins, vessie, pancr\u00e9as, Bienfaits sur la digestion et Pr\u00e9vention des Maladies Cardiovasculaires (MCV)<\/li>\n<li>Asperges: Riche en fibres, Apport en vitamines A,C,E,K, Poss\u00e8de substances anticanc\u00e9reuses, Antioxydants et Propri\u00e9t\u00e9 diur\u00e9tique<\/li>\n<li>Riz: Energ\u00e9tique<\/li>\n<li>Poires: Antioxydants, Min\u00e9raux et Oligo\u00e9l\u00e9ments<\/li>\n<li>Epices: Antioxydants<\/li>\n<li>Vin: prot\u00e8ge des MCV<\/li>\n<\/ul>\n<p>&nbsp;<\/p>\n<p>&nbsp;<\/p>\n<p>[\/et_pb_text][\/et_pb_column][\/et_pb_row][\/et_pb_section]<\/p>\n","protected":false},"excerpt":{"rendered":"<p>&nbsp; LUNCH BOX: 1H TOP CHRONO \u00a0Salade de Tomates et Artichauts au citron confit \/ Risotto aux asperges vertes \/ Soupe de poires au vin et aux \u00e9pices. \u00a0\u00a0 \u00a0 \u00a0 Les avantages di\u00e9t\u00e9tiques de ce menu sont les suivants : Tomates: puissant Anti-oxydant et Anti-vieillissement Artichauts: Riche en vitamines du groupe B, C et [&hellip;]<\/p>\n","protected":false},"author":2,"featured_media":0,"parent":0,"menu_order":0,"comment_status":"closed","ping_status":"closed","template":"","meta":{"_et_pb_use_builder":"on","_et_pb_old_content":"LUNCH BOX: 1H TOP CHRONO\r\n\r\n29\/09- Salade de Tomates et Artichauts au citron confit \/ Risotto aux asperges vertes \/ Soupe de poires au vin et aux \u00e9pices.\r\n\r\n<a href=\"http:\/\/www.coulissesduchef.com\/site\/wp-content\/uploads\/2014\/09\/Box-vide-500x333.jpg\"><img class=\"alignnone size-thumbnail wp-image-1191\" alt=\"Lunch Box -Olivier Bert\u00e9\" src=\"http:\/\/www.coulissesduchef.com\/site\/wp-content\/uploads\/2014\/09\/Box-vide-500x333-150x150.jpg\" width=\"150\" height=\"150\" \/><\/a>\u00a0<a href=\"http:\/\/www.coulissesduchef.com\/site\/wp-content\/uploads\/2014\/09\/043-500x333.jpg\"><img class=\"alignnone size-thumbnail wp-image-1192\" alt=\"1er menu Lunch Box\" src=\"http:\/\/www.coulissesduchef.com\/site\/wp-content\/uploads\/2014\/09\/043-500x333-150x150.jpg\" width=\"150\" height=\"150\" \/><\/a>\u00a0<a href=\"http:\/\/www.coulissesduchef.com\/site\/wp-content\/uploads\/2014\/09\/029-500x333.jpg\"><img class=\"alignnone size-thumbnail wp-image-1194\" alt=\"029 (500x333)\" src=\"http:\/\/www.coulissesduchef.com\/site\/wp-content\/uploads\/2014\/09\/029-500x333-150x150.jpg\" width=\"150\" height=\"150\" \/><\/a>\r\n\r\n<a href=\"http:\/\/www.coulissesduchef.com\/site\/wp-content\/uploads\/2014\/09\/Asperges-vertes-333x500.jpg\"><img class=\"alignnone size-thumbnail wp-image-1195\" alt=\"Asperges vertes- Lunch Box\" src=\"http:\/\/www.coulissesduchef.com\/site\/wp-content\/uploads\/2014\/09\/Asperges-vertes-333x500-150x150.jpg\" width=\"150\" height=\"150\" \/><\/a>\u00a0<a href=\"http:\/\/www.coulissesduchef.com\/site\/wp-content\/uploads\/2014\/09\/Citron-de-confit-333x500.jpg\"><img class=\"alignnone size-thumbnail wp-image-1206\" alt=\"Citron de confit \" src=\"http:\/\/www.coulissesduchef.com\/site\/wp-content\/uploads\/2014\/09\/Citron-de-confit-333x500-150x150.jpg\" width=\"150\" height=\"150\" \/><\/a> \u00a0<a href=\"http:\/\/www.coulissesduchef.com\/site\/wp-content\/uploads\/2014\/09\/Soupe-de-poires-au-vin-500x333.jpg\"><img class=\"alignnone size-thumbnail wp-image-1196\" alt=\"Soupe de poires au vin- Lunch Box\" src=\"http:\/\/www.coulissesduchef.com\/site\/wp-content\/uploads\/2014\/09\/Soupe-de-poires-au-vin-500x333-150x150.jpg\" width=\"150\" height=\"150\" \/><\/a>\r\n\r\nLes avantages di\u00e9t\u00e9tiques de ce menu sont les suivants :\r\n<ul>\r\n\t<li>Tomates: puissant Anti-oxydant et Anti-vieillissement<\/li>\r\n\t<li>Artichauts: Riche en vitamines du groupe B, C et K, Favorise la digestion, Anti-canc\u00e9rig\u00e8ne et Riche en oligo\u00e9l\u00e9ments<\/li>\r\n\t<li>Citron: Riche en vitamine C, Protection du foie, reins, vessie, pancr\u00e9as, Bienfaits sur la digestion et Pr\u00e9vention des Maladies Cardiovasculaires (MCV)<\/li>\r\n\t<li>Asperges: Riche en fibres, Apport en vitamines A,C,E,K, Poss\u00e8de substances anticanc\u00e9reuses, Antioxydants et Propri\u00e9t\u00e9 diur\u00e9tique<\/li>\r\n\t<li>Riz: Energ\u00e9tique<\/li>\r\n\t<li>Poires: Antioxydants, Min\u00e9raux et Oligo\u00e9l\u00e9ments<\/li>\r\n\t<li>Epices: Antioxydants<\/li>\r\n\t<li>Vin: prot\u00e8ge des MCV<\/li>\r\n<\/ul>\r\n&nbsp;\r\n\r\n&nbsp;","_et_gb_content_width":"","footnotes":""},"class_list":["post-1187","page","type-page","status-publish","hentry"],"yoast_head":"<!-- This site is optimized with the Yoast SEO plugin v27.5 - https:\/\/yoast.com\/product\/yoast-seo-wordpress\/ -->\n<title>PHOTOS LUNCH BOX - Cours de cuisine \u00e0 Paris<\/title>\n<meta name=\"robots\" content=\"index, follow, max-snippet:-1, max-image-preview:large, max-video-preview:-1\" \/>\n<link rel=\"canonical\" href=\"https:\/\/www.coulissesduchef.com\/site\/photos-lunch-box\/\" \/>\n<meta property=\"og:locale\" content=\"fr_FR\" \/>\n<meta property=\"og:type\" content=\"article\" \/>\n<meta property=\"og:title\" content=\"PHOTOS LUNCH BOX - Cours de cuisine \u00e0 Paris\" \/>\n<meta property=\"og:description\" content=\"&nbsp; LUNCH BOX: 1H TOP CHRONO \u00a0Salade de Tomates et Artichauts au citron confit \/ Risotto aux asperges vertes \/ Soupe de poires au vin et aux \u00e9pices. \u00a0\u00a0 \u00a0 \u00a0 Les avantages di\u00e9t\u00e9tiques de ce menu sont les suivants : Tomates: puissant Anti-oxydant et Anti-vieillissement Artichauts: Riche en vitamines du groupe B, C et [&hellip;]\" \/>\n<meta property=\"og:url\" content=\"https:\/\/www.coulissesduchef.com\/site\/photos-lunch-box\/\" \/>\n<meta property=\"og:site_name\" content=\"Cours de cuisine \u00e0 Paris\" \/>\n<meta property=\"article:modified_time\" content=\"2024-08-19T15:04:39+00:00\" \/>\n<meta property=\"og:image\" content=\"http:\/\/www.coulissesduchef.com\/site\/wp-content\/uploads\/2014\/09\/Box-vide-500x333-150x150.jpg\" \/>\n<meta name=\"twitter:card\" content=\"summary_large_image\" \/>\n<meta name=\"twitter:label1\" content=\"Dur\u00e9e de lecture estim\u00e9e\" \/>\n\t<meta name=\"twitter:data1\" content=\"1 minute\" \/>\n<script type=\"application\/ld+json\" class=\"yoast-schema-graph\">{\"@context\":\"https:\\\/\\\/schema.org\",\"@graph\":[{\"@type\":\"WebPage\",\"@id\":\"https:\\\/\\\/www.coulissesduchef.com\\\/site\\\/photos-lunch-box\\\/\",\"url\":\"https:\\\/\\\/www.coulissesduchef.com\\\/site\\\/photos-lunch-box\\\/\",\"name\":\"PHOTOS LUNCH BOX - Cours de cuisine \u00e0 Paris\",\"isPartOf\":{\"@id\":\"https:\\\/\\\/www.coulissesduchef.com\\\/site\\\/#website\"},\"primaryImageOfPage\":{\"@id\":\"https:\\\/\\\/www.coulissesduchef.com\\\/site\\\/photos-lunch-box\\\/#primaryimage\"},\"image\":{\"@id\":\"https:\\\/\\\/www.coulissesduchef.com\\\/site\\\/photos-lunch-box\\\/#primaryimage\"},\"thumbnailUrl\":\"http:\\\/\\\/www.coulissesduchef.com\\\/site\\\/wp-content\\\/uploads\\\/2014\\\/09\\\/Box-vide-500x333-150x150.jpg\",\"datePublished\":\"2014-09-29T13:20:48+00:00\",\"dateModified\":\"2024-08-19T15:04:39+00:00\",\"breadcrumb\":{\"@id\":\"https:\\\/\\\/www.coulissesduchef.com\\\/site\\\/photos-lunch-box\\\/#breadcrumb\"},\"inLanguage\":\"fr-FR\",\"potentialAction\":[{\"@type\":\"ReadAction\",\"target\":[\"https:\\\/\\\/www.coulissesduchef.com\\\/site\\\/photos-lunch-box\\\/\"]}]},{\"@type\":\"ImageObject\",\"inLanguage\":\"fr-FR\",\"@id\":\"https:\\\/\\\/www.coulissesduchef.com\\\/site\\\/photos-lunch-box\\\/#primaryimage\",\"url\":\"https:\\\/\\\/www.coulissesduchef.com\\\/site\\\/wp-content\\\/uploads\\\/2014\\\/09\\\/Box-vide-500x333.jpg\",\"contentUrl\":\"https:\\\/\\\/www.coulissesduchef.com\\\/site\\\/wp-content\\\/uploads\\\/2014\\\/09\\\/Box-vide-500x333.jpg\",\"width\":500,\"height\":333},{\"@type\":\"BreadcrumbList\",\"@id\":\"https:\\\/\\\/www.coulissesduchef.com\\\/site\\\/photos-lunch-box\\\/#breadcrumb\",\"itemListElement\":[{\"@type\":\"ListItem\",\"position\":1,\"name\":\"Accueil\",\"item\":\"https:\\\/\\\/www.coulissesduchef.com\\\/site\\\/\"},{\"@type\":\"ListItem\",\"position\":2,\"name\":\"PHOTOS LUNCH BOX\"}]},{\"@type\":\"WebSite\",\"@id\":\"https:\\\/\\\/www.coulissesduchef.com\\\/site\\\/#website\",\"url\":\"https:\\\/\\\/www.coulissesduchef.com\\\/site\\\/\",\"name\":\"Cours de cuisine \u00e0 Paris\",\"description\":\"Atelier &amp; Cours de cuisine d&#039;Olivier Bert\u00e9 Paris\",\"potentialAction\":[{\"@type\":\"SearchAction\",\"target\":{\"@type\":\"EntryPoint\",\"urlTemplate\":\"https:\\\/\\\/www.coulissesduchef.com\\\/site\\\/?s={search_term_string}\"},\"query-input\":{\"@type\":\"PropertyValueSpecification\",\"valueRequired\":true,\"valueName\":\"search_term_string\"}}],\"inLanguage\":\"fr-FR\"}]}<\/script>\n<!-- \/ Yoast SEO plugin. -->","yoast_head_json":{"title":"PHOTOS LUNCH BOX - Cours de cuisine \u00e0 Paris","robots":{"index":"index","follow":"follow","max-snippet":"max-snippet:-1","max-image-preview":"max-image-preview:large","max-video-preview":"max-video-preview:-1"},"canonical":"https:\/\/www.coulissesduchef.com\/site\/photos-lunch-box\/","og_locale":"fr_FR","og_type":"article","og_title":"PHOTOS LUNCH BOX - Cours de cuisine \u00e0 Paris","og_description":"&nbsp; LUNCH BOX: 1H TOP CHRONO \u00a0Salade de Tomates et Artichauts au citron confit \/ Risotto aux asperges vertes \/ Soupe de poires au vin et aux \u00e9pices. \u00a0\u00a0 \u00a0 \u00a0 Les avantages di\u00e9t\u00e9tiques de ce menu sont les suivants : Tomates: puissant Anti-oxydant et Anti-vieillissement Artichauts: Riche en vitamines du groupe B, C et [&hellip;]","og_url":"https:\/\/www.coulissesduchef.com\/site\/photos-lunch-box\/","og_site_name":"Cours de cuisine \u00e0 Paris","article_modified_time":"2024-08-19T15:04:39+00:00","og_image":[{"url":"http:\/\/www.coulissesduchef.com\/site\/wp-content\/uploads\/2014\/09\/Box-vide-500x333-150x150.jpg","type":"","width":"","height":""}],"twitter_card":"summary_large_image","twitter_misc":{"Dur\u00e9e de lecture estim\u00e9e":"1 minute"},"schema":{"@context":"https:\/\/schema.org","@graph":[{"@type":"WebPage","@id":"https:\/\/www.coulissesduchef.com\/site\/photos-lunch-box\/","url":"https:\/\/www.coulissesduchef.com\/site\/photos-lunch-box\/","name":"PHOTOS LUNCH BOX - Cours de cuisine \u00e0 Paris","isPartOf":{"@id":"https:\/\/www.coulissesduchef.com\/site\/#website"},"primaryImageOfPage":{"@id":"https:\/\/www.coulissesduchef.com\/site\/photos-lunch-box\/#primaryimage"},"image":{"@id":"https:\/\/www.coulissesduchef.com\/site\/photos-lunch-box\/#primaryimage"},"thumbnailUrl":"http:\/\/www.coulissesduchef.com\/site\/wp-content\/uploads\/2014\/09\/Box-vide-500x333-150x150.jpg","datePublished":"2014-09-29T13:20:48+00:00","dateModified":"2024-08-19T15:04:39+00:00","breadcrumb":{"@id":"https:\/\/www.coulissesduchef.com\/site\/photos-lunch-box\/#breadcrumb"},"inLanguage":"fr-FR","potentialAction":[{"@type":"ReadAction","target":["https:\/\/www.coulissesduchef.com\/site\/photos-lunch-box\/"]}]},{"@type":"ImageObject","inLanguage":"fr-FR","@id":"https:\/\/www.coulissesduchef.com\/site\/photos-lunch-box\/#primaryimage","url":"https:\/\/www.coulissesduchef.com\/site\/wp-content\/uploads\/2014\/09\/Box-vide-500x333.jpg","contentUrl":"https:\/\/www.coulissesduchef.com\/site\/wp-content\/uploads\/2014\/09\/Box-vide-500x333.jpg","width":500,"height":333},{"@type":"BreadcrumbList","@id":"https:\/\/www.coulissesduchef.com\/site\/photos-lunch-box\/#breadcrumb","itemListElement":[{"@type":"ListItem","position":1,"name":"Accueil","item":"https:\/\/www.coulissesduchef.com\/site\/"},{"@type":"ListItem","position":2,"name":"PHOTOS LUNCH BOX"}]},{"@type":"WebSite","@id":"https:\/\/www.coulissesduchef.com\/site\/#website","url":"https:\/\/www.coulissesduchef.com\/site\/","name":"Cours de cuisine \u00e0 Paris","description":"Atelier &amp; Cours de cuisine d&#039;Olivier Bert\u00e9 Paris","potentialAction":[{"@type":"SearchAction","target":{"@type":"EntryPoint","urlTemplate":"https:\/\/www.coulissesduchef.com\/site\/?s={search_term_string}"},"query-input":{"@type":"PropertyValueSpecification","valueRequired":true,"valueName":"search_term_string"}}],"inLanguage":"fr-FR"}]}},"_links":{"self":[{"href":"https:\/\/www.coulissesduchef.com\/site\/wp-json\/wp\/v2\/pages\/1187","targetHints":{"allow":["GET"]}}],"collection":[{"href":"https:\/\/www.coulissesduchef.com\/site\/wp-json\/wp\/v2\/pages"}],"about":[{"href":"https:\/\/www.coulissesduchef.com\/site\/wp-json\/wp\/v2\/types\/page"}],"author":[{"embeddable":true,"href":"https:\/\/www.coulissesduchef.com\/site\/wp-json\/wp\/v2\/users\/2"}],"replies":[{"embeddable":true,"href":"https:\/\/www.coulissesduchef.com\/site\/wp-json\/wp\/v2\/comments?post=1187"}],"version-history":[{"count":0,"href":"https:\/\/www.coulissesduchef.com\/site\/wp-json\/wp\/v2\/pages\/1187\/revisions"}],"wp:attachment":[{"href":"https:\/\/www.coulissesduchef.com\/site\/wp-json\/wp\/v2\/media?parent=1187"}],"curies":[{"name":"wp","href":"https:\/\/api.w.org\/{rel}","templated":true}]}}